{"version":"1.0","provider_name":"Home made \u00e9let\u00fcnk","provider_url":"https:\/\/homemadeeletunk.cafeblog.hu","author_name":"Ancika","author_url":"https:\/\/homemadeeletunk.cafeblog.hu\/author\/huszaghanettgmail-com\/","title":"A Valentin nap mondjon le!!!","html":"\u00c1ll\u00edt\u00f3lag 1990-t\u0151l \u00fcnnepelj\u00fck a mai form\u00e1j\u00e1ban a Valentin napot Magyarorsz\u00e1gon, \u00e9s nekem a 90-es \u00e9vekr\u0151l ez az ikonikus mondat jut eszembe r\u00f6gt\u00f6n, hogy ha tiltakoz\u00e1sr\u00f3l van sz\u00f3.\u00a0 Mert k\u00e9rem ma kis haz\u00e1nkban legal\u00e1bb annyira divat ut\u00e1lni a Valentin napot, mint tartani.\n\n&nbsp;\n\nNa de kezdj\u00fck az elej\u00e9n, honnan is ered ez az \u0151r\u00fclet:\n\n<span style=\"color: #1d2129\"><span style=\"font-family: inherit\"><span style=\"font-size: small\">\"Szent B\u00e1lint\u00a0(Valentin, vagy Valentinus) a szerelmesek, a lelkibetegek \u00e9s az epilepszi\u00e1val \u00e9l\u0151k v\u00e9d\u0151szentje. Magyarorsz\u00e1gon e szentnek nem alakult ki jelent\u0151s egyh\u00e1zi kultusza. Az\u00a0angolsz\u00e1sz orsz\u00e1gokban\u00a0Valentine (B\u00e1lint) napj\u00e1n (febru\u00e1r 14-\u00e9n) tartott\u00a0<i>Valentine's Day<\/i>\u00a0(magyarul: B\u00e1lint-nap) \u00fcnnepe a 20. sz\u00e1zad v\u00e9g\u00e9t\u0151l vil\u00e1gszerte elterjedt vil\u00e1gi \"szerelmes-\u00fcnnepk\u00e9nt\". Az angolsz\u00e1sz szok\u00e1s\u00a0Magyarorsz\u00e1gon\u00a0az angol elnevez\u00e9s magyaros\u00edtott form\u00e1j\u00fa \u00e1tv\u00e9tel\u00e9vel, mint\u00a0<b>Valentin-nap<\/b>\u00a0v\u00e1lt ismertt\u00e9 \u00e9s n\u00e9pszer\u0171v\u00e9 az\u00a01990-es \u00e9vekt\u0151l\u00a0kezd\u0151d\u0151en. Ezen az \u00fcnnepen a\u00a0szerelmesek\u00a0megaj\u00e1nd\u00e9kozz\u00e1k szerelm\u00fcket, vagy szerelmes \u00fczenettel kedveskednek neki. A Valentin-nap vall\u00e1si eredete vil\u00e1gszerte, \u00edgy Magyarorsz\u00e1gon is elhom\u00e1lyosult.<\/span><\/span><\/span>\n\nA kereszt\u00e9ny szok\u00e1s eredete, hogy\u00a0Szent B\u00e1lint, Terni (akkori nev\u00e9n Interamna) p\u00fcsp\u00f6ke a\u00a014. sz\u00e1zadban\u00a0a\u00a0jegyesek\u00a0\u00e9s fiatal\u00a0h\u00e1zasok v\u00e9d\u0151szentj\u00e9v\u00e9 v\u00e1lt\u00a0Angli\u00e1ban\u00a0\u00e9s\u00a0Franciaorsz\u00e1gban. Ennek a szentr\u0151l elterjedt egyik t\u00f6rt\u00e9net k\u00e9pezte az alapj\u00e1t. Eszerint miel\u0151tt\u00a0kereszt\u00e9ny hite\u00a0miatt\u00a0II. Claudius\u00a0cs\u00e1sz\u00e1r idej\u00e9n kiv\u00e9gezt\u00e9k, B\u00e1lint a hite erej\u00e9vel a b\u00f6rt\u00f6n\u0151re\u00a0vak\u00a0le\u00e1ny\u00e1nak visszaadta a l\u00e1t\u00e1s\u00e1t. Miel\u0151tt \u2013 a hagyom\u00e1ny szerint \u2013\u00a0febru\u00e1r 14-\u00e9n\u00a0kiv\u00e9gezt\u00e9k, b\u00facs\u00fa\u00fczenetet k\u00fcld\u00f6tt a l\u00e1nynak, amelyet \u00edgy \u00edrt al\u00e1: \u201eA Te B\u00e1lintod.\u201d Ez a B\u00e1lint-napi \u00fczenetk\u00fcld\u00e9s eredet\u00e9nek leggyakoribb magyar\u00e1zata. A legenda szerint a p\u00fcsp\u00f6k a szerelmeseket a kereszt\u00e9ny szok\u00e1sok szerint megeskette egym\u00e1ssal, k\u00f6zt\u00fck katon\u00e1kat is, akiknek az akkori cs\u00e1sz\u00e1ri parancsok \u00e9rtelm\u00e9ben nem lett volna szabad h\u00e1zass\u00e1gra l\u00e9pni. A friss h\u00e1zasp\u00e1rokat megaj\u00e1nd\u00e9kozta kertje vir\u00e1gaival. A hagyom\u00e1ny \u00fagy tartja, hogy ezek a h\u00e1zass\u00e1gok j\u00f3 csillag alatt sz\u00fclettek.\"\n\n&nbsp;\n\nAz egym\u00e1snak fesz\u00fcl\u0151 t\u00e1borokr\u00f3l nem is tudom mi\u00e9rt, de nekem a Halloween jut eszembe, de azt hiszitek egyed\u00fcl vagyok ezzel?\n\nA v\u00e1laszad\u00f3k 3% azaz 320-b\u00f3l 11 ember mondta azt, hogy \u0151 az\u00e9rt nem tartja, mert ez is csak olyan mint a Halloween...\n\nid\u00e9zem: \"H\u00fclye \u00e1tvett amerikai szars\u00e1g ak\u00e1r csak a Halloween\"\n\nNa de l\u00e1ssuk mi\u00e9rt nem mulat a magyar:\n\n<img class=\"wp-image-682 aligncenter\" src=\"http:\/\/www.homemadeeletunk.com\/wp-content\/uploads\/2018\/02\/83680098-3ba6-44eb-b488-17782a90c2af.png\" alt=\"\" width=\"500\" height=\"500\" \/>\n\n&nbsp;\n\nMagasan gy\u0151z\u00f6tt, a minden nap szeretj\u00fck egym\u00e1st \u00e9rv, mert ha tartod ezt a napot az kiz\u00e1rja, hogy az \u00e9v nagy r\u00e9sz\u00e9ben szeress\u00e9tek egym\u00e1st. Nem nem magyar\u00e1zta meg nekem senki ezt a kit\u00e9telt, de 20% szil\u00e1rdan tartja ezt az \u00e9rvet. Mint azt is sokan, hogy ez csak kirakatboldogs\u00e1g \u00e9s aznap kiakadn\u00e1nak a hazugs\u00e1g mutat\u00f3k.\n\nEz ut\u00e1n j\u00f6n 12% akik azt vallj\u00e1k, hogy v\u00e9rciki ha megtartod, mert ez nem egy magyar \u00fcnnep :O Ugyan m\u00e1r k\u00e9rem, ne majmoljuk Amerik\u00e1t. Persze sok m\u00e1s \u00fcnnep\u00fcnk sem magyar eredet\u0171, de ez r\u00e1ad\u00e1sul m\u00e9g a Keresked\u0151k \u00fcnnepe is 8% szerint.\n\n\u00c9s ha ez nem lenne el\u00e9g indok neked akkor tudd meg, hogy er\u0151ltetett az eg\u00e9sz, nekem senki se mondja meg, hogy szeressem a m\u00e1sikat. Na meg giccses, minden piros, sz\u00edvecsk\u00e9s, glitteres cukorm\u00e1zt\u00f3l cs\u00f6p\u00f6g\u0151 \u00e9melyg\u00e9s...\u00e9s am\u00fagy sincs r\u00e1 p\u00e9nzem, id\u0151m, energi\u00e1m, meg ott vannak a gyerekek is... \u00e9s egy\u00e9bk\u00e9nt is \u00f6reg vagyok m\u00e1r ehhez, na meg ennyi egy\u00fctt t\u00f6lt\u00f6tt \u00e9v ut\u00e1n nehogy m\u00e1r m\u00e9g \u00fcnnepelj\u00fck is a szerelmet, az asszony \u00f6r\u00fclj\u00f6n, hogy ell\u00e1that \u00e9n meg \u00f6r\u00fcl\u00f6k, hogy ma is kaj\u00e1t tett el\u00e9m nem el\u00e9g ez?\n\nAmi elszomor\u00edtott, hogy sokan azt mondt\u00e1k, hogy az\u00e9rt nem tartj\u00e1k, mert a p\u00e1rjuk nem hajland\u00f3 r\u00e1, pedig nekik olyan j\u00f3l esne :(\u00a0 Emberek most t\u00e9nyleg olyan neh\u00e9z boldogg\u00e1 tenni az asszonyt n\u00e9ha?\n\n&nbsp;\n\nH\u00e1t fi\u00fak l\u00e1nyok \u00e9n nem tudom, picit olyan, mintha n\u00e1lunk sz\u00e9gyellni val\u00f3 lenne a boldogs\u00e1g \u00e9s k\u00e9ptelenek lenn\u00e9nk az \u00fcnnepl\u00e9sre :(\n\nNem \u00f6r\u00fcl\u00f6k, hogy \u00edgy nevelj\u00fck a fiainkat \u00e9s ezt kell majd elfogadni a l\u00e1nyainknak, hogy m\u00e1r m\u00e9g az is v\u00e9rciki, ha kedvesek egym\u00e1ssal az \u00e9v egy napj\u00e1n. Nem azt mondom, hogy v\u00e1s\u00e1roljuk fel a vir\u00e1g nagykert, vagy vegy\u00fcnk dr\u00e1ga vackokat, de egy kis kedvess\u00e9g, egy s\u00e9ta, egy 60Ftos csoki tal\u00e1n nem olyan nagy dolog... olyan j\u00f3 lenne, ha nem azt hallan\u00e1nk \u00faton \u00fatf\u00e9len, hogy t\u00e1rsas mag\u00e1nyban \u00e9l\u00fcnk, elmegy\u00fcnk egym\u00e1s mellett, hogy nem tudunk besz\u00e9lgetni, hogy a f\u00e9rjemnek sosincs egy j\u00f3 szava hozz\u00e1m stb. stb... hanem azt, hogy k\u00e9pzeld a kedves m\u00e1r megint elvitt a h\u00e9tv\u00e9g\u00e9n Lillaf\u00fcredre s\u00e9t\u00e1lni \u00e9s megittunk egy forr\u00f3csokit k\u00f6zben... \u00e9s ez itt kezd\u0151dik, hogy azt l\u00e1tja a fiam otthon, hogy mi az apuk\u00e1j\u00e1val nem sz\u00e9gyellj\u00fck meg\u00fcnnepelni a szerelm\u00fcnket \u00e9s majd ha a te l\u00e1nyodnak fog udvarolni ezt a hagyom\u00e1nyt viszi tov\u00e1bb...\n\nAzt\u00e1n persze felsorakoztak az ellen\u00e9rvek is mert van aki a Valentin nap mellett van:\n\n\"Az a baj, hogy sokan nem tudnak \u00fcnnepelni. R\u00e9g\u00f3ta egy\u00fctt vagyunk, \u00f6regek vagyunk hozz\u00e1, nincs id\u0151nk, ott a gyerek, ott a munka, am\u00fagy is hal\u00e1lra dolgozzuk magunkat, mikor \u00fcnnepelj\u00fcnk, nincs r\u00e1 p\u00e9nz, nincs seg\u00edts\u00e9g\u00fcnk... Mindenhol csak ezeket a panaszkod\u00e1sokat lehet olvasni, mert ett\u0151l h\u00fa, de m\u00e1rt\u00edr lesz mindenki, mintha sz\u00e9gyen lenne egym\u00e1sra sz\u00e1nni f\u00e9l \u00f3r\u00e1t\/egy \u00f3r\u00e1t\/egy napot, amikor nem dolgozik vagy \u00e9pp nem a gyerekkel foglalkozik. Vagy csak az az \u00fcnnep, ha el tudunk utazni egy h\u00e9tre kettesben a vil\u00e1g t\u00falfel\u00e9re? Ha \u00fcnnepelni szeretn\u00e9nk, akkor azt b\u00e1rhol, b\u00e1rmikor meg lehet tenni, ez nem id\u0151, p\u00e9nz, munka vagy gyerek k\u00e9rd\u00e9se. Teszek egy kis csokit (ak\u00e1rmit amit szeret) vacsorakor a t\u00e1ny\u00e9rja mell\u00e9, elmegy\u00fcnk egyet s\u00e9t\u00e1lni, ak\u00e1r gyerekkel is vagy k\u00e9nyelmesebben, r\u00e1\u00e9r\u0151sebben reggeliz\u00fcnk esetleg a f\u00e9rj hazafel\u00e9 vesz egy sz\u00e1l vir\u00e1got.\"\n\n\"Nekem err\u0151l az a v\u00e9lem\u00e9nyem,hogy olyan sok sz\u00fcrke h\u00e9tk\u00f6znap van. ..mi\u00e9rt ne f\u00e9rne bele egy kis.. Valentin nap...vagy Helloween stb....nem is \u00fcnnepnek kell kezelni hanem egy olyan h\u00e9tk\u00f6znap ami kicsit vid\u00e1mabb\u00e1 \u00e9s m\u00e1ss\u00e1 lehet tenni!! Mi\u00e9rt is ne!! Milyen \u00f6r\u00f6m egy gyereknek a k\u00f6z\u00f6s t\u00f6kfarag\u00e1s vagy jelmezbe \u00f6lt\u00f6z\u00e9s...\u00e9s valljuk be mi n\u0151k ..legt\u00f6bb\u00fcnknek j\u00f3l esik egy sz\u00e1l vir\u00e1got vagy egy t\u00e1bla csokit kapni m\u00e9g ha pont Valentin napon kapjuk is! \u00c9n \u00edgy gondolom!!\u00a0<span class=\"_47e3 _5mfr\" title=\"smile hangulatjel\"><img class=\"img\" src=\"https:\/\/static.xx.fbcdn.net\/images\/emoji.php\/v9\/f4c\/1\/16\/1f642.png\" alt=\"\" width=\"16\" height=\"16\" \/>\"<\/span>\n\n\"B\u00e1rmilyen \u00fcnnep j\u00f3, mert \u00f6r\u00f6mmel t\u00f6lti fel a sz\u00edveket, pl\u00e1ne ezekben a t\u00e9li sz\u00fcrke napokban. J\u00f3 \u00e9rz\u00e9s f\u00e9rfiakat l\u00e1tni az utc\u00e1n vir\u00e1ggal. Az \u00fcnnepek nem arr\u00f3l sz\u00f3lnak, hogy ne szeress minden nap, ilyenform\u00e1n a Kar\u00e1csonyt is elt\u00f6r\u00f6lhetn\u00e9nk. Ereje van, ha\u00a0sokan egyszerre azonos \u00fcnnepl\u0151be \u00f6lt\u00f6ztetik a sz\u00edv\u00fcket. Amerik\u00e1ban nem csak szem\u00e9t van. Ott is \u00fcnneplik pl. St. Patrick napj\u00e1t, amit az \u00edrek vittek oda, \u00e9s sorolhatn\u00e1nk. Min\u00e9l t\u00f6bbf\u00e9le \u00fcnnep van, ann\u00e1l t\u00f6bbsz\u00f6r f\u00f3kusz\u00e1lunk az \u00f6r\u00f6mre a neh\u00e9zs\u00e9geink helyett.\"\n\nMivel feln\u0151ttek vagyunk, mindenki d\u00f6ntse el maga, hogy tartja \u00e9 vagy sem \u00e9s tartsuk egym\u00e1st tiszteletben annyira, hogy nem sz\u00f3lunk be az ellent\u00e1bornak, hogy milyen h\u00fclye is vagy te, mert van akinek j\u00f3lesik, ha kedveskednek neki az \u00e9vnek ezen a napj\u00e1n \u00e9s van az aki meg csak arra v\u00e1gyik, hogy hagyj\u00e1k ezzel b\u00e9k\u00e9n. Lehet a Facbooknak fejleszteni kellene, hogy meg tudjuk v\u00e1lasztani, hogy mutasson e Valentin napos\/halloweenes posztokat vagy sem \u00e9s akkor mindenkinek \"Kevesebb gondja lenne\"\n\n\u00c9s akkor a kedvenc kommenteim m\u00e9g besz\u00farom nektek a v\u00e9g\u00e9re:\n\n\"\u00a0<span><span class=\"UFICommentBody\">A \"nem magyar \u00fcnnep\" hallat\u00e1n n\u00e9ha elk\u00e9pzelem ahogy a magyarok honfoglal\u00e1skor belovagolnak a k\u00e1rp\u00e1t medenc\u00e9be, meglocsolnak minden l\u00e1nyt h\u00fasv\u00e9t alkalm\u00e1b\u00f3l, majd f\u00e1t \u00e1ll\u00edtanak, hogy kar\u00e1csonykor a J\u00e9zuska hozzon nyilvessz\u0151ket\u00a0<span class=\"_47e3 _5mfr\" title=\"grin hangulatjel\"><img class=\"img\" src=\"https:\/\/static.xx.fbcdn.net\/images\/emoji.php\/v9\/f51\/1\/16\/1f603.png\" alt=\"\" width=\"16\" height=\"16\" \/><span class=\"_7oe\">\"<\/span><\/span><\/span><\/span>\n\n\"Szerencse, hogy amikor \u00e1tvett\u00fck a kar\u00e1csonyi hagyom\u00e1nyokat, akkor nem volt Facebook\"\u00a0 \u00e9s hogy mennyire igaza van :D\n\n\"\u00c9n most magam aj\u00e1nd\u00e9koztam meg: a h\u00fasleves\u00fcnkbe vettem 2 diszn\u00f3farkat!!!\"\n\n\"Angolsz\u00e1sz vir\u00e1g\u00e1rusok marketing fog\u00e1sa\"\n\nTi tartj\u00e1tok a Valentin napot? Ha nem mi\u00e9rt?","type":"rich","thumbnail_url":null,"thumbnail_width":null,"thumbnail_height":null}